{"id":5540,"date":"2019-10-03T17:02:59","date_gmt":"2019-10-03T15:02:59","guid":{"rendered":"http:\/\/cpl14.fr\/?page_id=5540"},"modified":"2020-03-27T12:54:43","modified_gmt":"2020-03-27T11:54:43","slug":"1ere-serie-touristique-la-cathedrale-de-reims-n259","status":"publish","type":"page","link":"https:\/\/cpl14.fr\/?page_id=5540","title":{"rendered":"1\u00e8re s\u00e9rie touristique: La Cath\u00e9drale de Reims (n\u00b0259)"},"content":{"rendered":"<p><img loading=\"lazy\" decoding=\"async\" class=\"size-full wp-image-6657 aligncenter\" src=\"http:\/\/cpl14.fr\/wp-content\/uploads\/2020\/03\/cathedrale-de-reims-259.jpg\" alt=\"\" width=\"300\" height=\"444\" srcset=\"https:\/\/cpl14.fr\/wp-content\/uploads\/2020\/03\/cathedrale-de-reims-259.jpg 300w, https:\/\/cpl14.fr\/wp-content\/uploads\/2020\/03\/cathedrale-de-reims-259-203x300.jpg 203w\" sizes=\"auto, (max-width: 300px) 100vw, 300px\" \/><\/p>\n<p>Avec ce timbre, nous entrons dans le vif du sujet: La complexit\u00e9 des types et des \u00e9tats!<\/p>\n<p>L&rsquo;Atelier du Timbre cherche la meilleure solution: poin\u00e7on nitrur\u00e9? poin\u00e7on tremp\u00e9? ensuite ils font des essais&#8230; ce timbre sera imprim\u00e9 sur 6 cylindres, et il y aura 5 molettes de transfert! (Cf: Pierre MARION, Le dictionnaire des types typographie et taille douce)<\/p>\n<p>Comme pour tous les timbres de cette 1\u00e8re s\u00e9rie \u00ab Sites et Monuments \u00bb, r\u00e9alis\u00e9s en taille-douce, Antoine DEZARROIS grave 2 poin\u00e7ons originaux (1 nitrur\u00e9 et 1 tremp\u00e9) qui serviront \u00e0 confectionner les molettes de transfert puis les cylindres d&rsquo;impression. Au cours des op\u00e9rations de transfert de petites diff\u00e9rences apparaissent donnant naissance \u00e0 3 types (d&rsquo;apr\u00e8s les catalogues), dont 1 devrait plut\u00f4t \u00eatre qualifi\u00e9 d&rsquo;\u00e9tat car il n&rsquo;y a que 2 poin\u00e7ons, mais lequel ?<br \/>\nFin 1930, les cylindres sont d\u00e9grad\u00e9s et les poin\u00e7ons de DEZARROIS sont inutilisables. On fait appel \u00e0 Antonin DELZERS pour graver un nouveau poin\u00e7on qui donnera naissance \u00e0 un \u00ab\u00a04e type\u00a0\u00bb, un vrai type cette fois ci.<\/p>\n<p>Nous n&rsquo;avons donc bien que 3 types, et un de ces types comporte 2 \u00e9tats (au moins!).<\/p>\n<p>Suivant les catalogues, les 3 premiers types sont \u00e9mis en novembre 1930, donc nous pouvons attribuer le dernier (type IV des catalogues), \u00e9mis en mars 1931, \u00e0 DELZERS. C&rsquo;est d&rsquo;ailleurs le seul \u00e0 pr\u00e9senter une ogive intacte (point n\u00b01 de l&rsquo;image ci-dessous). Nous l&rsquo;appellerons type III comme P. Marion. Ce type comporte 1 vari\u00e9t\u00e9 constante que nous d\u00e9taillerons en fin d&rsquo;article, et a \u00e9t\u00e9 imprim\u00e9 \u00e0 l&rsquo;aide de 2 molettes sur 3 cylindres entre f\u00e9vrier 1931 et avril 1932.<\/p>\n<p><em>Note: nous avons \u00e9crit \u00ab\u00a0vari\u00e9t\u00e9s constantes\u00a0\u00bb pour simplifier nos explications. Il s&rsquo;agit en fait d&rsquo;\u00e9tats dans les \u00e9tats&#8230; des sous-\u00e9tats en quelque sorte. c&rsquo;est juste pour vous embrouiller un peu plus!<\/em><\/p>\n<p><img loading=\"lazy\" decoding=\"async\" class=\"size-full wp-image-5544 aligncenter\" src=\"http:\/\/cpl14.fr\/wp-content\/uploads\/2019\/10\/cathedrale-de-reims-3-points.jpg\" alt=\"\" width=\"435\" height=\"490\" srcset=\"https:\/\/cpl14.fr\/wp-content\/uploads\/2019\/10\/cathedrale-de-reims-3-points.jpg 435w, https:\/\/cpl14.fr\/wp-content\/uploads\/2019\/10\/cathedrale-de-reims-3-points-266x300.jpg 266w\" sizes=\"auto, (max-width: 435px) 100vw, 435px\" \/><\/p>\n<p>Ensuite, pour les types II et III des catalogues, le point n\u00b03 montre le cadre coup\u00e9 par une ligne horizontale continue, ce qui n&rsquo;est pas le cas du type I. Nous pouvons donc confirmer le type I comme \u00e9tant le seul \u00e0 avoir le cadre non coup\u00e9 par une ligne horizontale. Il a \u00e9t\u00e9 imprim\u00e9 \u00e0 l&rsquo;aide d&rsquo;une seule molette sur 1 seul cylindre entre f\u00e9vrier et mai 1930. Il comporte 3 vari\u00e9t\u00e9s constantes.<\/p>\n<p>Pour le point n\u00b02 c&rsquo;est moins clair, d&rsquo;ailleurs les catalogues ne montrent pas tous la m\u00eame chose! le 3 est parfois li\u00e9, parfois pas li\u00e9 au F. Mais comme nous avons \u00e9limin\u00e9 les type I et III, il ne reste que le type II et ses 2 \u00e9tats! Il a \u00e9t\u00e9 imprim\u00e9 sur 2 cylindres et avec 3 molettes&#8230;. d&rsquo;o\u00f9 ces \u00ab\u00a02\u00a0\u00bb \u00e9tats, en r\u00e9alit\u00e9 3 \u00e9tats correspondant aux 3 molettes comme nous allons le d\u00e9velopper ci-dessous, et 7 vari\u00e9t\u00e9s constantes.<\/p>\n<p>&nbsp;<\/p>\n<h4>Le type I<\/h4>\n<p>Ses caract\u00e9ristiques sont:<\/p>\n<p>l&rsquo;ogive de la rosace cass\u00e9e en haut \u00e0 gauche (1)<\/p>\n<p><img loading=\"lazy\" decoding=\"async\" class=\"wp-image-5547 aligncenter\" src=\"http:\/\/cpl14.fr\/wp-content\/uploads\/2019\/10\/T1-b.jpg\" alt=\"\" width=\"580\" height=\"494\" srcset=\"https:\/\/cpl14.fr\/wp-content\/uploads\/2019\/10\/T1-b.jpg 580w, https:\/\/cpl14.fr\/wp-content\/uploads\/2019\/10\/T1-b-300x256.jpg 300w\" sizes=\"auto, (max-width: 580px) 100vw, 580px\" \/><\/p>\n<p>&nbsp;<\/p>\n<p>le 3 li\u00e9 au F (2) et le cadre non coup\u00e9 par la ligne horizontale dans l&rsquo;angle sud est (3)<\/p>\n<p><img loading=\"lazy\" decoding=\"async\" class=\"wp-image-5546 aligncenter\" src=\"http:\/\/cpl14.fr\/wp-content\/uploads\/2019\/10\/T1-a.jpg\" alt=\"\" width=\"592\" height=\"550\" srcset=\"https:\/\/cpl14.fr\/wp-content\/uploads\/2019\/10\/T1-a.jpg 627w, https:\/\/cpl14.fr\/wp-content\/uploads\/2019\/10\/T1-a-300x279.jpg 300w\" sizes=\"auto, (max-width: 592px) 100vw, 592px\" \/><\/p>\n<h5>Les vari\u00e9t\u00e9s constantes du type I:<\/h5>\n<p>dans son \u00e9tat de base, le type I comporte une fine ligne coupant le cadre du c\u00f4t\u00e9 gauche (angle sud-ouest),<\/p>\n<p><img loading=\"lazy\" decoding=\"async\" class=\"size-full wp-image-5555 aligncenter\" src=\"http:\/\/cpl14.fr\/wp-content\/uploads\/2019\/10\/T1-c.jpg\" alt=\"\" width=\"399\" height=\"471\" srcset=\"https:\/\/cpl14.fr\/wp-content\/uploads\/2019\/10\/T1-c.jpg 399w, https:\/\/cpl14.fr\/wp-content\/uploads\/2019\/10\/T1-c-254x300.jpg 254w\" sizes=\"auto, (max-width: 399px) 100vw, 399px\" \/><\/p>\n<p>dans la vari\u00e9t\u00e9 1, cette ligne dispara\u00eet.<\/p>\n<p><img loading=\"lazy\" decoding=\"async\" class=\"size-full wp-image-5556 aligncenter\" src=\"http:\/\/cpl14.fr\/wp-content\/uploads\/2019\/10\/T1-d.jpg\" alt=\"\" width=\"407\" height=\"561\" srcset=\"https:\/\/cpl14.fr\/wp-content\/uploads\/2019\/10\/T1-d.jpg 407w, https:\/\/cpl14.fr\/wp-content\/uploads\/2019\/10\/T1-d-218x300.jpg 218w\" sizes=\"auto, (max-width: 407px) 100vw, 407px\" \/><\/p>\n<p>s&rsquo;ajoutant \u00e0 la vc n\u00b01, la vari\u00e9t\u00e9 constante n\u00b02 pr\u00e9sente une ligne cass\u00e9e sous TES de POSTES<\/p>\n<p><img loading=\"lazy\" decoding=\"async\" class=\"size-full wp-image-5557 aligncenter\" src=\"http:\/\/cpl14.fr\/wp-content\/uploads\/2019\/10\/T1-e.jpg\" alt=\"\" width=\"589\" height=\"500\" srcset=\"https:\/\/cpl14.fr\/wp-content\/uploads\/2019\/10\/T1-e.jpg 589w, https:\/\/cpl14.fr\/wp-content\/uploads\/2019\/10\/T1-e-300x255.jpg 300w\" sizes=\"auto, (max-width: 589px) 100vw, 589px\" \/><\/p>\n<p>&nbsp;<\/p>\n<p>et pour la vc n\u00b03, en plus des pr\u00e9c\u00e9dentes, la ligne de cadre au dessus de PO de POSTES est \u00e9galement cass\u00e9e (image reconstitu\u00e9e):<\/p>\n<p><img loading=\"lazy\" decoding=\"async\" class=\"size-full wp-image-5558 aligncenter\" src=\"http:\/\/cpl14.fr\/wp-content\/uploads\/2019\/10\/T1-f.jpg\" alt=\"\" width=\"611\" height=\"500\" srcset=\"https:\/\/cpl14.fr\/wp-content\/uploads\/2019\/10\/T1-f.jpg 611w, https:\/\/cpl14.fr\/wp-content\/uploads\/2019\/10\/T1-f-300x245.jpg 300w\" sizes=\"auto, (max-width: 611px) 100vw, 611px\" \/><\/p>\n<h4>Le type II<\/h4>\n<p>Ces caract\u00e9ristiques sont:<\/p>\n<p>l&rsquo;ogive de la rosace cass\u00e9e en haut \u00e0 gauche (1)<\/p>\n<p><img loading=\"lazy\" decoding=\"async\" class=\"size-full wp-image-5552 aligncenter\" src=\"http:\/\/cpl14.fr\/wp-content\/uploads\/2019\/10\/T2-a.jpg\" alt=\"\" width=\"561\" height=\"499\" srcset=\"https:\/\/cpl14.fr\/wp-content\/uploads\/2019\/10\/T2-a.jpg 561w, https:\/\/cpl14.fr\/wp-content\/uploads\/2019\/10\/T2-a-300x267.jpg 300w\" sizes=\"auto, (max-width: 561px) 100vw, 561px\" \/><\/p>\n<p>le cadre coup\u00e9 par la ligne horizontale (3)<\/p>\n<p>le point 2 n&rsquo;est pas significatif, il d\u00e9pend de l&rsquo;\u00e9tat<\/p>\n<p><img loading=\"lazy\" decoding=\"async\" class=\"size-full wp-image-5553 aligncenter\" src=\"http:\/\/cpl14.fr\/wp-content\/uploads\/2019\/10\/T2-b.jpg\" alt=\"\" width=\"620\" height=\"539\" srcset=\"https:\/\/cpl14.fr\/wp-content\/uploads\/2019\/10\/T2-b.jpg 620w, https:\/\/cpl14.fr\/wp-content\/uploads\/2019\/10\/T2-b-300x261.jpg 300w\" sizes=\"auto, (max-width: 620px) 100vw, 620px\" \/><\/p>\n<h4>Les \u00e9tats du type II:<\/h4>\n<h5>Etat 1<\/h5>\n<p>il correspond \u00e0 la molette 1, le point 2 montre une s\u00e9paration cass\u00e9e en haut entre le 3 et le F<\/p>\n<p><img loading=\"lazy\" decoding=\"async\" class=\"size-full wp-image-5562 aligncenter\" src=\"http:\/\/cpl14.fr\/wp-content\/uploads\/2019\/10\/T2-e1-a.jpg\" alt=\"\" width=\"615\" height=\"211\" srcset=\"https:\/\/cpl14.fr\/wp-content\/uploads\/2019\/10\/T2-e1-a.jpg 615w, https:\/\/cpl14.fr\/wp-content\/uploads\/2019\/10\/T2-e1-a-300x103.jpg 300w\" sizes=\"auto, (max-width: 615px) 100vw, 615px\" \/><\/p>\n<p>&nbsp;<\/p>\n<h5>Les vari\u00e9t\u00e9s constantes du type II, \u00e9tat 1:<\/h5>\n<p>la vari\u00e9t\u00e9 constantes n\u00b01 est une cassure de 2 ligne verticales dans le clocheton (image reconstitu\u00e9e)<\/p>\n<p><img loading=\"lazy\" decoding=\"async\" class=\"size-full wp-image-5563 aligncenter\" src=\"http:\/\/cpl14.fr\/wp-content\/uploads\/2019\/10\/T2-e1-b..jpg\" alt=\"\" width=\"509\" height=\"398\" srcset=\"https:\/\/cpl14.fr\/wp-content\/uploads\/2019\/10\/T2-e1-b..jpg 509w, https:\/\/cpl14.fr\/wp-content\/uploads\/2019\/10\/T2-e1-b.-300x235.jpg 300w\" sizes=\"auto, (max-width: 509px) 100vw, 509px\" \/><\/p>\n<p>\u00e0 cela s&rsquo;ajoute la vc n\u00b02 avec une cassure d&rsquo;une ligne de fond dans la boucle du 3 (image reconstitu\u00e9e)<\/p>\n<p><img loading=\"lazy\" decoding=\"async\" class=\"size-full wp-image-5564 aligncenter\" src=\"http:\/\/cpl14.fr\/wp-content\/uploads\/2019\/10\/T2-e1-c.jpg\" alt=\"\" width=\"507\" height=\"299\" srcset=\"https:\/\/cpl14.fr\/wp-content\/uploads\/2019\/10\/T2-e1-c.jpg 507w, https:\/\/cpl14.fr\/wp-content\/uploads\/2019\/10\/T2-e1-c-300x177.jpg 300w\" sizes=\"auto, (max-width: 507px) 100vw, 507px\" \/><\/p>\n<h5>Etat 2 du type II<\/h5>\n<p>C&rsquo;est l&rsquo;\u00e9tat correspondant \u00e0 la 2e molette. P. Marion dit \u00ab\u00a0la gravure est intacte\u00a0\u00bb? Nous n&rsquo;avons pas trouv\u00e9 la signification de cela, car sur notre exemplaire, il ressemble \u00e0 l&rsquo;\u00e9tat 1&#8230; (<\/p>\n<p>s\u00e9paration cass\u00e9e en haut entre le 3 et le F)<\/p>\n<p>&nbsp;<\/p>\n<h5>Les vari\u00e9t\u00e9s constantes du type II, \u00e9tat 2:<\/h5>\n<p>la vari\u00e9t\u00e9 constante n\u00b01 du type II \u00e9tat 2 pr\u00e9sente un cadre cass\u00e9 \u00e0 gauche du P de POSTES<\/p>\n<p><img loading=\"lazy\" decoding=\"async\" class=\"size-full wp-image-5565 aligncenter\" src=\"http:\/\/cpl14.fr\/wp-content\/uploads\/2019\/10\/T2-e2-b.jpg\" alt=\"\" width=\"492\" height=\"310\" srcset=\"https:\/\/cpl14.fr\/wp-content\/uploads\/2019\/10\/T2-e2-b.jpg 492w, https:\/\/cpl14.fr\/wp-content\/uploads\/2019\/10\/T2-e2-b-300x189.jpg 300w\" sizes=\"auto, (max-width: 492px) 100vw, 492px\" \/><\/p>\n<p>et s&rsquo;ajoute \u00e0 cela la vc n\u00b02 avec une cassure sous le O de POSTES (image reconstitu\u00e9e)<\/p>\n<p><img loading=\"lazy\" decoding=\"async\" class=\"size-full wp-image-5566 aligncenter\" src=\"http:\/\/cpl14.fr\/wp-content\/uploads\/2019\/10\/T2-e2-c.jpg\" alt=\"\" width=\"505\" height=\"364\" srcset=\"https:\/\/cpl14.fr\/wp-content\/uploads\/2019\/10\/T2-e2-c.jpg 505w, https:\/\/cpl14.fr\/wp-content\/uploads\/2019\/10\/T2-e2-c-300x216.jpg 300w\" sizes=\"auto, (max-width: 505px) 100vw, 505px\" \/><\/p>\n<p>&nbsp;<\/p>\n<h5>Etat 3 du type II<\/h5>\n<p>C&rsquo;est l&rsquo;\u00e9tat de la 3e molette. Et celui qualifi\u00e9 de type III dans les catalogues.<\/p>\n<p>Le 3 et le F sont s\u00e9par\u00e9s par une barre verticale compl\u00e8te.<\/p>\n<p><img loading=\"lazy\" decoding=\"async\" class=\"size-full wp-image-5567 aligncenter\" src=\"http:\/\/cpl14.fr\/wp-content\/uploads\/2019\/10\/T2-e3-a.jpg\" alt=\"\" width=\"500\" height=\"514\" srcset=\"https:\/\/cpl14.fr\/wp-content\/uploads\/2019\/10\/T2-e3-a.jpg 500w, https:\/\/cpl14.fr\/wp-content\/uploads\/2019\/10\/T2-e3-a-292x300.jpg 292w\" sizes=\"auto, (max-width: 500px) 100vw, 500px\" \/><\/p>\n<h5>Les vari\u00e9t\u00e9s constantes du type II, \u00e9tat 3:<\/h5>\n<p>Les vari\u00e9t\u00e9s constantes de l&rsquo;\u00e9tat 3 reprennent des vc des \u00e9tats 1 et 2 dans l&rsquo;ordre suivant:<\/p>\n<p>vc n\u00b01: cadre cass\u00e9 \u00e0 gauche du P de POSTES<\/p>\n<p>puis vc n\u00b02: s\u00e9paration cass\u00e9e en haut entre le 3 et le F<\/p>\n<p>et vc n\u00b03: absence de s\u00e9paration entre le 3 et le F (comme un type I)<\/p>\n<p>&nbsp;<\/p>\n<h4>Le type III<\/h4>\n<p>Ses caract\u00e9ristiques sont:<\/p>\n<p>l&rsquo;ogive de la rosace intacte en haut \u00e0 gauche (1)<\/p>\n<p><img loading=\"lazy\" decoding=\"async\" class=\"size-full wp-image-5548 aligncenter\" src=\"http:\/\/cpl14.fr\/wp-content\/uploads\/2019\/10\/T3-a.jpg\" alt=\"\" width=\"576\" height=\"500\" srcset=\"https:\/\/cpl14.fr\/wp-content\/uploads\/2019\/10\/T3-a.jpg 576w, https:\/\/cpl14.fr\/wp-content\/uploads\/2019\/10\/T3-a-300x260.jpg 300w\" sizes=\"auto, (max-width: 576px) 100vw, 576px\" \/><\/p>\n<p>le 3 coup\u00e9 du F par une ligne verticale (2) et le cadre coup\u00e9 par la ligne horizontale (3)<\/p>\n<p><img loading=\"lazy\" decoding=\"async\" class=\"size-full wp-image-5549 aligncenter\" src=\"http:\/\/cpl14.fr\/wp-content\/uploads\/2019\/10\/T3-b.jpg\" alt=\"\" width=\"619\" height=\"524\" srcset=\"https:\/\/cpl14.fr\/wp-content\/uploads\/2019\/10\/T3-b.jpg 619w, https:\/\/cpl14.fr\/wp-content\/uploads\/2019\/10\/T3-b-300x254.jpg 300w\" sizes=\"auto, (max-width: 619px) 100vw, 619px\" \/><\/p>\n<p>&nbsp;<\/p>\n<h5>Les Etats du type III<\/h5>\n<p>La 1\u00e8re molette a servi au 1er cylindre au type III. Elle n&rsquo;a pas de particularit\u00e9.<\/p>\n<p>La 2e molette a \u00e9t\u00e9 utilis\u00e9e pour les cylindres 2 et 3 du type III.<\/p>\n<p>Sur le cylindre 2, on note 2 \u00e9tats:<\/p>\n<h5>Etat 1 de la 2e molette du type III<\/h5>\n<p>le filet d&rsquo;encadrement est cass\u00e9 en haut \u00e0 gauche<\/p>\n<p><img loading=\"lazy\" decoding=\"async\" class=\"size-full wp-image-5568 aligncenter\" src=\"http:\/\/cpl14.fr\/wp-content\/uploads\/2019\/10\/T3-e2-a.jpg\" alt=\"\" width=\"488\" height=\"401\" srcset=\"https:\/\/cpl14.fr\/wp-content\/uploads\/2019\/10\/T3-e2-a.jpg 488w, https:\/\/cpl14.fr\/wp-content\/uploads\/2019\/10\/T3-e2-a-300x247.jpg 300w\" sizes=\"auto, (max-width: 488px) 100vw, 488px\" \/><\/p>\n<h5>Etat 2\u00a0de la 2e molette du type III<\/h5>\n<p>cadre cass\u00e9 \u00e0 gauche du P de POSTES comme la vari\u00e9t\u00e9 constante n\u00b01 du type II \u00e9tat 2<\/p>\n<p>&nbsp;<\/p>\n<p>Et pour terminer, le cylindre 3 du type 3: il est enti\u00e8rement \u00e0 l&rsquo;image de l&rsquo;\u00e9tat 2 de la 2e molette.<\/p>\n<p>&nbsp;<\/p>\n<h3>Retenez-simplement:<\/h3>\n<p>-Type I (type I des catalogues): l&rsquo;ogive de la rosace cass\u00e9e en haut \u00e0 gauche, cadre de 3F non coup\u00e9 par la ligne horizontale dans l&rsquo;angle sud est, et 3 li\u00e9 au F<\/p>\n<p>-Type II, \u00e9tats 1 et 2 (type II des catalogues): l&rsquo;ogive de la rosace cass\u00e9e en haut \u00e0 gauche, cadre de 3F coup\u00e9 par la ligne horizontale dans le bas, 3 s\u00e9par\u00e9 plus ou moins du F, voir li\u00e9<\/p>\n<p>-Type II, \u00e9tat 3 (type III des catalogues): l&rsquo;ogive de la rosace cass\u00e9e en haut \u00e0 gauche, et cadre de 3F coup\u00e9 par la ligne horizontale dans le bas, 3 et F bien s\u00e9par\u00e9 par une ligne verticale (<em>mais uniquement dans les sous-\u00e9tats 1 et 2, dans les sous-\u00e9tats 3 et 4 la s\u00e9paration est cass\u00e9e voir absente entre 3 et F)\u00a0<\/em><\/p>\n<p>-Type III (type IV des catalogues): l&rsquo;ogive de la rosace est intacte<\/p>\n<p>&nbsp;<\/p>\n<p>collection Bruno Bonnet<\/p>\n<p>&nbsp;<\/p>\n<p style=\"text-align: right;\"><a href=\"http:\/\/cpl14.fr\/?p=1150\">retour \u00e0 l&rsquo;article Types et Etats<\/a><\/p>\n","protected":false},"excerpt":{"rendered":"<div class=\"mh-excerpt\"><p>Avec ce timbre, nous entrons dans le vif du sujet: La complexit\u00e9 des types et des \u00e9tats! L&rsquo;Atelier du Timbre cherche la meilleure solution: poin\u00e7on <a class=\"mh-excerpt-more\" href=\"https:\/\/cpl14.fr\/?page_id=5540\" title=\"1\u00e8re s\u00e9rie touristique: La Cath\u00e9drale de Reims (n\u00b0259)\">[&#8230;]<\/a><\/p>\n<\/div>","protected":false},"author":1,"featured_media":0,"parent":0,"menu_order":0,"comment_status":"closed","ping_status":"closed","template":"","meta":{"footnotes":""},"class_list":["post-5540","page","type-page","status-publish","hentry"],"_links":{"self":[{"href":"https:\/\/cpl14.fr\/index.php?rest_route=\/wp\/v2\/pages\/5540","targetHints":{"allow":["GET"]}}],"collection":[{"href":"https:\/\/cpl14.fr\/index.php?rest_route=\/wp\/v2\/pages"}],"about":[{"href":"https:\/\/cpl14.fr\/index.php?rest_route=\/wp\/v2\/types\/page"}],"author":[{"embeddable":true,"href":"https:\/\/cpl14.fr\/index.php?rest_route=\/wp\/v2\/users\/1"}],"replies":[{"embeddable":true,"href":"https:\/\/cpl14.fr\/index.php?rest_route=%2Fwp%2Fv2%2Fcomments&post=5540"}],"version-history":[{"count":12,"href":"https:\/\/cpl14.fr\/index.php?rest_route=\/wp\/v2\/pages\/5540\/revisions"}],"predecessor-version":[{"id":6658,"href":"https:\/\/cpl14.fr\/index.php?rest_route=\/wp\/v2\/pages\/5540\/revisions\/6658"}],"wp:attachment":[{"href":"https:\/\/cpl14.fr\/index.php?rest_route=%2Fwp%2Fv2%2Fmedia&parent=5540"}],"curies":[{"name":"wp","href":"https:\/\/api.w.org\/{rel}","templated":true}]}}