{"id":927,"date":"2017-07-16T21:01:45","date_gmt":"2017-07-16T19:01:45","guid":{"rendered":"http:\/\/cpl14.fr\/?page_id=927"},"modified":"2022-03-13T07:30:29","modified_gmt":"2022-03-13T06:30:29","slug":"f-ltd","status":"publish","type":"page","link":"https:\/\/cpl14.fr\/?page_id=927","title":{"rendered":"F.LTD"},"content":{"rendered":"<h4 dir=\"ltr\">Ligne de Lisieux \u00e0 Trouville-Deauville:<\/h4>\n<p dir=\"ltr\">La ligne vers Honfleur est la plus ancienne, nous en reparlerons, mais celle de Trouville-Deauville, commune jusqu&rsquo;\u00e0 Pont l&rsquo;Ev\u00eaque, \u00e9tait plus importante en trafic.<\/p>\n<p dir=\"ltr\">Cette ligne est \u00e9galement la ligne du Paris \u00e0 Trouville-Deauville, commune avec Paris \u00e0 Cherbourg jusqu&rsquo;\u00e0 Lisieux (voir article <a href=\"http:\/\/cpl14.fr\/?page_id=929\">D.PEC<\/a>). Le dernier tron\u00e7on entre Pont-l&rsquo;Ev\u00eaque et Trouville ouvre le 1er juillet 1863.<\/p>\n<p dir=\"ltr\"><img loading=\"lazy\" decoding=\"async\" class=\"aligncenter size-full wp-image-2157\" src=\"http:\/\/cpl14.fr\/wp-content\/uploads\/2017\/07\/ticket.jpg\" alt=\"\" width=\"400\" height=\"216\" srcset=\"https:\/\/cpl14.fr\/wp-content\/uploads\/2017\/07\/ticket.jpg 400w, https:\/\/cpl14.fr\/wp-content\/uploads\/2017\/07\/ticket-300x162.jpg 300w\" sizes=\"auto, (max-width: 400px) 100vw, 400px\" \/><\/p>\n<p dir=\"ltr\" style=\"text-align: center;\">billet de train de 1re classe<\/p>\n<p dir=\"ltr\">Deauville, sa plage, son casino, ses h\u00f4tels et palaces, et ses nombreuses villas luxueuses attire une\u00a0client\u00e8le ais\u00e9e, alors l&rsquo;\u00e9t\u00e9 la compagnie de chemin de fer met en place un train express de luxe pour les parisiens souhaitant y passer la fin de semaine:<\/p>\n<p dir=\"ltr\" style=\"text-align: center;\">articles de journaux de 1886 et 1906<br \/>\n<img loading=\"lazy\" decoding=\"async\" class=\"aligncenter size-large wp-image-2159\" src=\"http:\/\/cpl14.fr\/wp-content\/uploads\/2017\/07\/trouville.JPG-4.jpg\" alt=\"\" width=\"531\" height=\"731\" srcset=\"https:\/\/cpl14.fr\/wp-content\/uploads\/2017\/07\/trouville.JPG-4.jpg 531w, https:\/\/cpl14.fr\/wp-content\/uploads\/2017\/07\/trouville.JPG-4-218x300.jpg 218w\" sizes=\"auto, (max-width: 531px) 100vw, 531px\" \/><\/p>\n<p dir=\"ltr\"><img loading=\"lazy\" decoding=\"async\" class=\"aligncenter size-full wp-image-2158\" src=\"http:\/\/cpl14.fr\/wp-content\/uploads\/2017\/07\/trouville.JPG-3.jpg\" alt=\"\" width=\"900\" height=\"725\" srcset=\"https:\/\/cpl14.fr\/wp-content\/uploads\/2017\/07\/trouville.JPG-3.jpg 900w, https:\/\/cpl14.fr\/wp-content\/uploads\/2017\/07\/trouville.JPG-3-300x242.jpg 300w, https:\/\/cpl14.fr\/wp-content\/uploads\/2017\/07\/trouville.JPG-3-768x619.jpg 768w\" sizes=\"auto, (max-width: 900px) 100vw, 900px\" \/><\/p>\n<p dir=\"ltr\">Voici le profil de la ligne:<\/p>\n<p dir=\"ltr\"><img loading=\"lazy\" decoding=\"async\" class=\"aligncenter size-full wp-image-2195\" src=\"http:\/\/cpl14.fr\/wp-content\/uploads\/2017\/07\/20170716_211630.jpg\" alt=\"\" width=\"369\" height=\"900\" srcset=\"https:\/\/cpl14.fr\/wp-content\/uploads\/2017\/07\/20170716_211630.jpg 369w, https:\/\/cpl14.fr\/wp-content\/uploads\/2017\/07\/20170716_211630-123x300.jpg 123w\" sizes=\"auto, (max-width: 369px) 100vw, 369px\" \/><\/p>\n<p dir=\"ltr\">La ligne comporte 8 stations compris Lisieux que nous avons montr\u00e9 dans l&rsquo;article <a href=\"http:\/\/cpl14.fr\/?page_id=924\">C.LGT<\/a>, nous commen\u00e7ons donc cet article \u00e0 la premi\u00e8re station apr\u00e8s le d\u00e9part, Lisieux Le Grand Jardin.<\/p>\n<h5 dir=\"ltr\"><a href=\"http:\/\/cpl14.fr\/?page_id=924\">F.LTD 01. LISIEUX d\u00e9part<\/a>\u00a0(C.LGT)<\/h5>\n<h5>F.LTD 02.\u00a0LE GRAND JARDIN<\/h5>\n<p>Cette station, toujours en activit\u00e9, se trouve \u00e0 l&rsquo;extr\u00e9mit\u00e9 nord du tunnel qui traverse le centre ville de Lisieux (ci-dessous la sortie nord du tunnel, lors de la pose des rails).<\/p>\n<p style=\"text-align: center;\"><img loading=\"lazy\" decoding=\"async\" class=\"size-full wp-image-8229 aligncenter\" src=\"http:\/\/cpl14.fr\/wp-content\/uploads\/2022\/03\/10_12_30x40.jpg\" alt=\"\" width=\"1000\" height=\"848\" srcset=\"https:\/\/cpl14.fr\/wp-content\/uploads\/2022\/03\/10_12_30x40.jpg 1000w, https:\/\/cpl14.fr\/wp-content\/uploads\/2022\/03\/10_12_30x40-300x254.jpg 300w, https:\/\/cpl14.fr\/wp-content\/uploads\/2022\/03\/10_12_30x40-768x651.jpg 768w\" sizes=\"auto, (max-width: 1000px) 100vw, 1000px\" \/>merci \u00e0 Mme Guyot pour cette photo o\u00f9 figure son bisa\u00efeul, Mr Eug\u00e8ne L\u00e9onor Anseaume<\/p>\n<p style=\"text-align: center;\">(reproduction interdite, nous contacter si besoin ; CPL14.fr)<\/p>\n<p style=\"text-align: center;\">.<\/p>\n<p>Le train sort du tunnel et entre imm\u00e9diatement en gare du Grand Jardin :<\/p>\n<p><img loading=\"lazy\" decoding=\"async\" class=\"aligncenter size-full wp-image-2148\" src=\"http:\/\/cpl14.fr\/wp-content\/uploads\/2017\/07\/1-FLTD-2-2.1-Lisieux-Grand-Jardin.jpg\" alt=\"\" width=\"800\" height=\"521\" srcset=\"https:\/\/cpl14.fr\/wp-content\/uploads\/2017\/07\/1-FLTD-2-2.1-Lisieux-Grand-Jardin.jpg 800w, https:\/\/cpl14.fr\/wp-content\/uploads\/2017\/07\/1-FLTD-2-2.1-Lisieux-Grand-Jardin-300x195.jpg 300w, https:\/\/cpl14.fr\/wp-content\/uploads\/2017\/07\/1-FLTD-2-2.1-Lisieux-Grand-Jardin-768x500.jpg 768w\" sizes=\"auto, (max-width: 800px) 100vw, 800px\" \/><\/p>\n<p>Mais faisons un petit saut en arri\u00e8re dans le temps. A l&rsquo;origine, la ligne et le tunnel ne comportent qu&rsquo;une voie unique:<\/p>\n<p><img loading=\"lazy\" decoding=\"async\" class=\"aligncenter size-large wp-image-2149\" src=\"http:\/\/cpl14.fr\/wp-content\/uploads\/2017\/07\/2-FLTD-2-1-Lisieux-Grand-Jardin.jpg\" alt=\"\" width=\"800\" height=\"496\" srcset=\"https:\/\/cpl14.fr\/wp-content\/uploads\/2017\/07\/2-FLTD-2-1-Lisieux-Grand-Jardin.jpg 800w, https:\/\/cpl14.fr\/wp-content\/uploads\/2017\/07\/2-FLTD-2-1-Lisieux-Grand-Jardin-300x186.jpg 300w, https:\/\/cpl14.fr\/wp-content\/uploads\/2017\/07\/2-FLTD-2-1-Lisieux-Grand-Jardin-768x476.jpg 768w\" sizes=\"auto, (max-width: 800px) 100vw, 800px\" \/><\/p>\n<p>Et le nom \u00ab\u00a0Grand Jardin\u00a0\u00bb vient du fait que cette voie unique et la halte ont \u00e9t\u00e9 construits sur des terrains occup\u00e9s par des jardins ouvriers, \u00e0 proximit\u00e9 du grand \u00ab\u00a0Jardin de l&rsquo;Etoile\u00a0\u00bb (aujourd&rsquo;hui\u00a0la R\u00e9sidence le l&rsquo;Etoile), situ\u00e9 \u00e0 l&rsquo;entr\u00e9e du chemin des Buissonnets, sur le Boulevard de Pont l&rsquo;Ev\u00eaque (aujourd&rsquo;hui Bld Herbet Fournet) , comme on peut le constater sur\u00a0la carte ci-dessous:<\/p>\n<p><img loading=\"lazy\" decoding=\"async\" class=\"aligncenter size-large wp-image-2150\" src=\"http:\/\/cpl14.fr\/wp-content\/uploads\/2017\/07\/3-FLTD-2-12-Lisieux-Grand-Jardin.jpg\" alt=\"\" width=\"800\" height=\"509\" srcset=\"https:\/\/cpl14.fr\/wp-content\/uploads\/2017\/07\/3-FLTD-2-12-Lisieux-Grand-Jardin.jpg 800w, https:\/\/cpl14.fr\/wp-content\/uploads\/2017\/07\/3-FLTD-2-12-Lisieux-Grand-Jardin-300x191.jpg 300w, https:\/\/cpl14.fr\/wp-content\/uploads\/2017\/07\/3-FLTD-2-12-Lisieux-Grand-Jardin-768x489.jpg 768w\" sizes=\"auto, (max-width: 800px) 100vw, 800px\" \/><\/p>\n<p>Au d\u00e9but du XXe si\u00e8cle, compte tenu du trafic important de cette ligne, une seconde voie est ajout\u00e9e, permettant aux trains montants et descendants de se croiser. Sur la carte ci-dessous, on voit clairement la diff\u00e9rence de teinte entre le vieux ballast de la voie d&rsquo;origine (\u00e0 gauche) et le ballast de la nouvelle voie (\u00e0 droite) construite en lieu et place des jardins potagers:<\/p>\n<p><img loading=\"lazy\" decoding=\"async\" class=\"aligncenter size-full wp-image-2153\" src=\"http:\/\/cpl14.fr\/wp-content\/uploads\/2017\/07\/6-FLTD-2-8.5-Lisieux-Grand-Jardin.jpg\" alt=\"\" width=\"800\" height=\"505\" srcset=\"https:\/\/cpl14.fr\/wp-content\/uploads\/2017\/07\/6-FLTD-2-8.5-Lisieux-Grand-Jardin.jpg 800w, https:\/\/cpl14.fr\/wp-content\/uploads\/2017\/07\/6-FLTD-2-8.5-Lisieux-Grand-Jardin-300x189.jpg 300w, https:\/\/cpl14.fr\/wp-content\/uploads\/2017\/07\/6-FLTD-2-8.5-Lisieux-Grand-Jardin-768x485.jpg 768w\" sizes=\"auto, (max-width: 800px) 100vw, 800px\" \/><\/p>\n<p>Et une passerelle a \u00e9t\u00e9 construite pour permettre d&rsquo;aller de l&rsquo;ancien quai unique, devenu le quai \u00ab\u00a0vers Trouville-Deauville\u00a0\u00bb, au nouveau quai \u00ab\u00a0vers Lisieux\u00a0\u00bb sans traverser les voies:<\/p>\n<p><img loading=\"lazy\" decoding=\"async\" class=\"aligncenter size-large wp-image-2152\" src=\"http:\/\/cpl14.fr\/wp-content\/uploads\/2017\/07\/5-FLTD-2-3.1-Lisieux-Grand-Jardin.jpg\" alt=\"\" width=\"800\" height=\"501\" srcset=\"https:\/\/cpl14.fr\/wp-content\/uploads\/2017\/07\/5-FLTD-2-3.1-Lisieux-Grand-Jardin.jpg 800w, https:\/\/cpl14.fr\/wp-content\/uploads\/2017\/07\/5-FLTD-2-3.1-Lisieux-Grand-Jardin-300x188.jpg 300w, https:\/\/cpl14.fr\/wp-content\/uploads\/2017\/07\/5-FLTD-2-3.1-Lisieux-Grand-Jardin-768x481.jpg 768w\" sizes=\"auto, (max-width: 800px) 100vw, 800px\" \/><\/p>\n<p>Une\u00a0vue prise de la sortie du tunnel:<\/p>\n<p><img loading=\"lazy\" decoding=\"async\" class=\"aligncenter size-full wp-image-2151\" src=\"http:\/\/cpl14.fr\/wp-content\/uploads\/2017\/07\/4-FLTD-2-5.1-Lisieux-Grand-Jardin.jpg\" alt=\"\" width=\"800\" height=\"494\" srcset=\"https:\/\/cpl14.fr\/wp-content\/uploads\/2017\/07\/4-FLTD-2-5.1-Lisieux-Grand-Jardin.jpg 800w, https:\/\/cpl14.fr\/wp-content\/uploads\/2017\/07\/4-FLTD-2-5.1-Lisieux-Grand-Jardin-300x185.jpg 300w, https:\/\/cpl14.fr\/wp-content\/uploads\/2017\/07\/4-FLTD-2-5.1-Lisieux-Grand-Jardin-768x474.jpg 768w\" sizes=\"auto, (max-width: 800px) 100vw, 800px\" \/><\/p>\n<p>Et le panorama sur le Boulevard Nicolas Oresme (Boulevard de la Caserne \u00e0 cette \u00e9poque):<\/p>\n<p><img loading=\"lazy\" decoding=\"async\" class=\"aligncenter size-large wp-image-2154\" src=\"http:\/\/cpl14.fr\/wp-content\/uploads\/2017\/07\/7-FLTD-2-4-Lisieux-Grand-Jardin.jpg\" alt=\"\" width=\"800\" height=\"501\" srcset=\"https:\/\/cpl14.fr\/wp-content\/uploads\/2017\/07\/7-FLTD-2-4-Lisieux-Grand-Jardin.jpg 800w, https:\/\/cpl14.fr\/wp-content\/uploads\/2017\/07\/7-FLTD-2-4-Lisieux-Grand-Jardin-300x188.jpg 300w, https:\/\/cpl14.fr\/wp-content\/uploads\/2017\/07\/7-FLTD-2-4-Lisieux-Grand-Jardin-768x481.jpg 768w\" sizes=\"auto, (max-width: 800px) 100vw, 800px\" \/><\/p>\n<p>devant toutes les gares, il y a le&#8230;<\/p>\n<p><img loading=\"lazy\" decoding=\"async\" class=\"aligncenter size-large wp-image-2155\" src=\"http:\/\/cpl14.fr\/wp-content\/uploads\/2017\/07\/8-FLTD-2-10-Lisieux-Grand-Jardin.jpg\" alt=\"\" width=\"800\" height=\"535\" srcset=\"https:\/\/cpl14.fr\/wp-content\/uploads\/2017\/07\/8-FLTD-2-10-Lisieux-Grand-Jardin.jpg 800w, https:\/\/cpl14.fr\/wp-content\/uploads\/2017\/07\/8-FLTD-2-10-Lisieux-Grand-Jardin-300x201.jpg 300w, https:\/\/cpl14.fr\/wp-content\/uploads\/2017\/07\/8-FLTD-2-10-Lisieux-Grand-Jardin-768x514.jpg 768w\" sizes=\"auto, (max-width: 800px) 100vw, 800px\" \/><\/p>\n<p>Et maintenant nous quittons Lisieux pour la station suivante, \u00e0 8,5 km.<\/p>\n<p>&nbsp;<\/p>\n<h5 dir=\"ltr\">F.LTD 03. LE BREUIL- EN -AUGE<\/h5>\n<p><img loading=\"lazy\" decoding=\"async\" class=\"aligncenter size-full wp-image-2160\" src=\"http:\/\/cpl14.fr\/wp-content\/uploads\/2017\/07\/breuil-pour-caen-convoyeur-et-ambulant.jpg\" alt=\"\" width=\"817\" height=\"481\" srcset=\"https:\/\/cpl14.fr\/wp-content\/uploads\/2017\/07\/breuil-pour-caen-convoyeur-et-ambulant.jpg 817w, https:\/\/cpl14.fr\/wp-content\/uploads\/2017\/07\/breuil-pour-caen-convoyeur-et-ambulant-300x177.jpg 300w, https:\/\/cpl14.fr\/wp-content\/uploads\/2017\/07\/breuil-pour-caen-convoyeur-et-ambulant-768x452.jpg 768w\" sizes=\"auto, (max-width: 817px) 100vw, 817px\" \/><\/p>\n<p style=\"text-align: center;\">lettre pour Caen post\u00e9e en gare du Breuil-en-Auge<\/p>\n<p style=\"text-align: center;\">timbre \u00e0 date convoyeur-station Breuil-Blangy* de la ligne Honfleur \u00e0 Lisieux**<\/p>\n<p style=\"text-align: center;\">timbre oblit\u00e9r\u00e9 par l&rsquo;ambulant Paris \u00e0 Caen (PCn)<\/p>\n<p style=\"text-align: center;\">*: la gare du Breuil est destin\u00e9e \u00e0 desservir la commune, plus importante, de Blangy-le-Ch\u00e2teau, situ\u00e9e dans une vall\u00e9e encaiss\u00e9e<\/p>\n<p style=\"text-align: center;\">**: les convoyeurs-station sont ant\u00e9rieurs \u00e0 l&rsquo;ouverture de la ligne entre Pont l&rsquo;Ev\u00eaque et Trouville<\/p>\n<p style=\"text-align: center;\">(voir catalogue des <a href=\"http:\/\/cpl14.fr\/?p=67\">Marques Postales de Lisieux<\/a>)<\/p>\n<p style=\"text-align: left;\">Nous arrivons au Breuil-en-Auge:<\/p>\n<p style=\"text-align: left;\"><img loading=\"lazy\" decoding=\"async\" class=\"aligncenter size-full wp-image-2161\" src=\"http:\/\/cpl14.fr\/wp-content\/uploads\/2017\/07\/FLTD-3-1-le-breuil-en-auge.jpg\" alt=\"\" width=\"800\" height=\"523\" srcset=\"https:\/\/cpl14.fr\/wp-content\/uploads\/2017\/07\/FLTD-3-1-le-breuil-en-auge.jpg 800w, https:\/\/cpl14.fr\/wp-content\/uploads\/2017\/07\/FLTD-3-1-le-breuil-en-auge-300x196.jpg 300w, https:\/\/cpl14.fr\/wp-content\/uploads\/2017\/07\/FLTD-3-1-le-breuil-en-auge-768x502.jpg 768w\" sizes=\"auto, (max-width: 800px) 100vw, 800px\" \/><\/p>\n<p style=\"text-align: left;\"><img loading=\"lazy\" decoding=\"async\" class=\"aligncenter size-large wp-image-2162\" src=\"http:\/\/cpl14.fr\/wp-content\/uploads\/2017\/07\/FLTD-3-2-le-breuil-en-auge.jpg\" alt=\"\" width=\"800\" height=\"512\" srcset=\"https:\/\/cpl14.fr\/wp-content\/uploads\/2017\/07\/FLTD-3-2-le-breuil-en-auge.jpg 800w, https:\/\/cpl14.fr\/wp-content\/uploads\/2017\/07\/FLTD-3-2-le-breuil-en-auge-300x192.jpg 300w, https:\/\/cpl14.fr\/wp-content\/uploads\/2017\/07\/FLTD-3-2-le-breuil-en-auge-768x492.jpg 768w\" sizes=\"auto, (max-width: 800px) 100vw, 800px\" \/><\/p>\n<p style=\"text-align: left;\">la minute d&rsquo;arr\u00eat traditionnelle, et nous repartons pour la halte suivante, \u00e0 \u00a0seulement 3\u00a0km!<\/p>\n<h5 dir=\"ltr\">F.LTD 04. FIERVILLE-LES-PARCS<\/h5>\n<p>Outre son\u00a0ch\u00e2teau, Fierville dessert \u00e9galement Manneville-la-Pipard, et Blangy-le-Ch\u00e2teau par les chemins de traverse<\/p>\n<p><img loading=\"lazy\" decoding=\"async\" class=\"aligncenter size-full wp-image-2164\" src=\"http:\/\/cpl14.fr\/wp-content\/uploads\/2017\/07\/FLTD-4-1-fieville-les-parcs.jpg\" alt=\"\" width=\"800\" height=\"497\" srcset=\"https:\/\/cpl14.fr\/wp-content\/uploads\/2017\/07\/FLTD-4-1-fieville-les-parcs.jpg 800w, https:\/\/cpl14.fr\/wp-content\/uploads\/2017\/07\/FLTD-4-1-fieville-les-parcs-300x186.jpg 300w, https:\/\/cpl14.fr\/wp-content\/uploads\/2017\/07\/FLTD-4-1-fieville-les-parcs-768x477.jpg 768w\" sizes=\"auto, (max-width: 800px) 100vw, 800px\" \/><\/p>\n<p>En septembre 1945, un article de journal:<\/p>\n<p><em><strong>Arr\u00eat du train de la halte de Fierville-les-Parcs.\u00a0\u00a0&#8211;<\/strong>\u00a0\u00a0Le conseil g\u00e9n\u00e9ral du Calvados \u00e9met le v\u0153u que le train 2 307 partant de Lisieux \u00e0 18 H 35 s&rsquo;arr\u00eate chaque jour \u00e0 la Halte de Fierville-les-Parcs afin de permettre aux habitants de cette commune, de la commune chef-lieu de canton de Blangy-le-Chateau, ainsi que de cinq autres communes voisines de rentrer \u00e0 leur foyer \u00e0 une heure convenable dans la p\u00e9riode d&rsquo;hiver o\u00f9 les jours sont courts et les routes mauvaises.<\/em><\/p>\n<p>Et nous repartons pour 6,5 km.<\/p>\n<p>&nbsp;<\/p>\n<h5 dir=\"ltr\">F.LTD 05. PONT L&rsquo;EV\u00caQUE<\/h5>\n<p>Apr\u00e8s avoir marqu\u00e9 des arr\u00eats dans les 2 petites stations pr\u00e9c\u00e9dentes, nous arrivons \u00e0 la\u00a0gare de Pont-l&rsquo;Ev\u00eaque.<\/p>\n<p>En plus d&rsquo;\u00eatre la gare commune aux lignes de Trouville-Deauville et de Honfleur, c&rsquo;est aussi une gare d&rsquo;importance pour le commerce du Nord du Pays-d&rsquo;Auge.<\/p>\n<p><img loading=\"lazy\" decoding=\"async\" class=\"aligncenter size-full wp-image-2167\" src=\"http:\/\/cpl14.fr\/wp-content\/uploads\/2017\/07\/FLTD-5-2-pont-leveque.jpg\" alt=\"\" width=\"800\" height=\"494\" srcset=\"https:\/\/cpl14.fr\/wp-content\/uploads\/2017\/07\/FLTD-5-2-pont-leveque.jpg 800w, https:\/\/cpl14.fr\/wp-content\/uploads\/2017\/07\/FLTD-5-2-pont-leveque-300x185.jpg 300w, https:\/\/cpl14.fr\/wp-content\/uploads\/2017\/07\/FLTD-5-2-pont-leveque-768x474.jpg 768w\" sizes=\"auto, (max-width: 800px) 100vw, 800px\" \/><\/p>\n<p><img loading=\"lazy\" decoding=\"async\" class=\"aligncenter size-full wp-image-2166\" src=\"http:\/\/cpl14.fr\/wp-content\/uploads\/2017\/07\/FLTD-5-1-pont-leveque.jpg\" alt=\"\" width=\"800\" height=\"519\" srcset=\"https:\/\/cpl14.fr\/wp-content\/uploads\/2017\/07\/FLTD-5-1-pont-leveque.jpg 800w, https:\/\/cpl14.fr\/wp-content\/uploads\/2017\/07\/FLTD-5-1-pont-leveque-300x195.jpg 300w, https:\/\/cpl14.fr\/wp-content\/uploads\/2017\/07\/FLTD-5-1-pont-leveque-768x498.jpg 768w\" sizes=\"auto, (max-width: 800px) 100vw, 800px\" \/><\/p>\n<p><img loading=\"lazy\" decoding=\"async\" class=\"aligncenter size-large wp-image-2168\" src=\"http:\/\/cpl14.fr\/wp-content\/uploads\/2017\/07\/FLTD-5-4-pont-leveque.jpg\" alt=\"\" width=\"800\" height=\"512\" srcset=\"https:\/\/cpl14.fr\/wp-content\/uploads\/2017\/07\/FLTD-5-4-pont-leveque.jpg 800w, https:\/\/cpl14.fr\/wp-content\/uploads\/2017\/07\/FLTD-5-4-pont-leveque-300x192.jpg 300w, https:\/\/cpl14.fr\/wp-content\/uploads\/2017\/07\/FLTD-5-4-pont-leveque-768x492.jpg 768w\" sizes=\"auto, (max-width: 800px) 100vw, 800px\" \/><\/p>\n<p>Septembre 1884, on peut lire dans un journal:<\/p>\n<p><em><strong>D\u00e9raillement.\u00a0<\/strong>\u00a0\u2013\u00a0\u00a0Samedi matin, en gare de Pont-l&rsquo;Ev\u00eaque, une machine en r\u00e9serve avait \u00e0 sa suite un wagon qu&rsquo;elle devait garer avant l&rsquo;arriv\u00e9e du train 7 qui entrait en gare, en ex\u00e9cutant cette man\u0153uvre, ce wagon venant d&rsquo;\u00eatre d\u00e9croch\u00e9, le m\u00e9canicien ayant un besoin \u00e0 satisfaire laissa son chauffeur sur la machine, cet homme n&rsquo;ayant aucune connaissance des dispositions de la gare crut probablement pouvoir traverser les voies principales avant l&rsquo;arriv\u00e9e du train, et n&rsquo;y pensant pas fit machine en arri\u00e8re. Tournant le dos au train venant sur lui, il ne put s&rsquo;en apercevoir que lorsque ce dernier siffla au frein. Un choc eut lieu et occasionna le d\u00e9raillement des deux machines. Le m\u00e9canicien et le chauffeur du train 7, venant de Lisieux, furent gri\u00e8vement bless\u00e9s, le premier eut trois c\u00f4tes enfonc\u00e9es et l&rsquo;autre de fortes contusions \u00e0 la t\u00e8te. Par suite de l&rsquo;encombrement de la voie, un train sp\u00e9cial dut \u00eatre form\u00e9 pour conduire \u00e0 destination les voyageurs sur Trouville et Honfleur.<\/em><\/p>\n<p>La gare de\u00a0Pont-l&rsquo;Ev\u00eaque poss\u00e9dait un bureau-voyageur suppl\u00e9mentaire, situ\u00e9 sur la ligne de Honfleur (voir notre page <a href=\"http:\/\/cpl14.fr\/?page_id=2290\">G.PLH<\/a>).<\/p>\n<p>Nous quittons Pont-l&rsquo;Ev\u00eaque et \u00e0 l&rsquo;aiguillage, nous abandonnons\u00a0la voie commune pour la ligne vers Trouville, et 5 km plus loin nous arrivons \u00e0 la petite halte de&#8230;<\/p>\n<p>&nbsp;<\/p>\n<h5 dir=\"ltr\">F.LTD 06.\u00a0CANAPVILLE-SAINT-MARTIN<\/h5>\n<p>Nous n&rsquo;avons pas identifi\u00e9 d&rsquo;image pour cette station situ\u00e9e \u00e0 l&rsquo;intersection de la voie ferr\u00e9e et de la route de Pont-l&rsquo;Ev\u00eaque \u00e0 Deauville. Actuellement elle est \u00ab\u00a0cach\u00e9e\u00a0\u00bb derri\u00e8re la rampe d&rsquo;acc\u00e8s \u00e0 l&rsquo;autoroute.<\/p>\n<p>En janvier 1920, le journal signale \u00e0 Canapville:<\/p>\n<p><em><strong>La voie s&rsquo;affaisse.<\/strong>\u00a0&#8211;\u00a0 Les pluies abondantes de ces derniers jours ont provoqu\u00e9, jeudi, une importante crevasse dans le remblais de la voie ferr\u00e9e, sur la ligne Pont-l&rsquo;\u00c9v\u00eaque \u00e0 Trouville. On a pris imm\u00e9diatement les dispositions n\u00e9cessaires pour enrayer cet affaissement et la circulation des trains n&rsquo;a pas \u00e9t\u00e9 g\u00ean\u00e9e<\/em><br \/>\nEncore 4 km et nous arrivons \u00e0 Touques.<\/p>\n<p>&nbsp;<\/p>\n<h5 dir=\"ltr\">F.LTD 07. TOUQUES-SAINT-ARNOULT<\/h5>\n<p>Au milieu du XIXe si\u00e8cle, Deauville vient d&rsquo;\u00eatre cr\u00e9\u00e9 par le Duc de Morny comme lieu de vill\u00e9giature pour les notables, Trouville est un port de p\u00eache, Touques, avec son ch\u00e2teau, ses haras, est une ville commer\u00e7ante et c&rsquo;est la gare des \u00ab\u00a0locaux\u00a0\u00bb, d&rsquo;o\u00f9 son importance qui parait aujourd&rsquo;hui disproportionn\u00e9e.<\/p>\n<p><img loading=\"lazy\" decoding=\"async\" class=\"aligncenter size-large wp-image-2170\" src=\"http:\/\/cpl14.fr\/wp-content\/uploads\/2017\/07\/FLTD-7-3-touques.jpg\" alt=\"\" width=\"800\" height=\"511\" srcset=\"https:\/\/cpl14.fr\/wp-content\/uploads\/2017\/07\/FLTD-7-3-touques.jpg 800w, https:\/\/cpl14.fr\/wp-content\/uploads\/2017\/07\/FLTD-7-3-touques-300x192.jpg 300w, https:\/\/cpl14.fr\/wp-content\/uploads\/2017\/07\/FLTD-7-3-touques-768x491.jpg 768w\" sizes=\"auto, (max-width: 800px) 100vw, 800px\" \/><\/p>\n<p><img loading=\"lazy\" decoding=\"async\" class=\"aligncenter size-full wp-image-2169\" src=\"http:\/\/cpl14.fr\/wp-content\/uploads\/2017\/07\/FLTD-7-2-touques.jpg\" alt=\"\" width=\"800\" height=\"502\" srcset=\"https:\/\/cpl14.fr\/wp-content\/uploads\/2017\/07\/FLTD-7-2-touques.jpg 800w, https:\/\/cpl14.fr\/wp-content\/uploads\/2017\/07\/FLTD-7-2-touques-300x188.jpg 300w, https:\/\/cpl14.fr\/wp-content\/uploads\/2017\/07\/FLTD-7-2-touques-768x482.jpg 768w\" sizes=\"auto, (max-width: 800px) 100vw, 800px\" \/><\/p>\n<p><img loading=\"lazy\" decoding=\"async\" class=\"aligncenter size-large wp-image-2171\" src=\"http:\/\/cpl14.fr\/wp-content\/uploads\/2017\/07\/FLTD-7-5.1-touques.jpg\" alt=\"\" width=\"800\" height=\"515\" srcset=\"https:\/\/cpl14.fr\/wp-content\/uploads\/2017\/07\/FLTD-7-5.1-touques.jpg 800w, https:\/\/cpl14.fr\/wp-content\/uploads\/2017\/07\/FLTD-7-5.1-touques-300x193.jpg 300w, https:\/\/cpl14.fr\/wp-content\/uploads\/2017\/07\/FLTD-7-5.1-touques-768x494.jpg 768w\" sizes=\"auto, (max-width: 800px) 100vw, 800px\" \/><\/p>\n<p>Nous terminons les 3 derniers kilom\u00e8tres avec l&rsquo;impatience de voir enfin la mer&#8230;<\/p>\n<p>&nbsp;<\/p>\n<h5 dir=\"ltr\">F.LTD 08. TROUVILLE &#8211; DEAUVILLE<\/h5>\n<p>Nous arrivons \u00e0 Trouville-Deauville.<\/p>\n<p>La gare est situ\u00e9e \u00e0 Deauville, le long du fleuve Touques qui s\u00e9pare les 2 communes.<\/p>\n<p><img loading=\"lazy\" decoding=\"async\" class=\"aligncenter size-full wp-image-2670\" src=\"http:\/\/cpl14.fr\/wp-content\/uploads\/2017\/07\/ITDM-1-1-trouville-deauville.jpg\" alt=\"\" width=\"800\" height=\"511\" srcset=\"https:\/\/cpl14.fr\/wp-content\/uploads\/2017\/07\/ITDM-1-1-trouville-deauville.jpg 800w, https:\/\/cpl14.fr\/wp-content\/uploads\/2017\/07\/ITDM-1-1-trouville-deauville-300x192.jpg 300w, https:\/\/cpl14.fr\/wp-content\/uploads\/2017\/07\/ITDM-1-1-trouville-deauville-768x491.jpg 768w\" sizes=\"auto, (max-width: 800px) 100vw, 800px\" \/><\/p>\n<p><img loading=\"lazy\" decoding=\"async\" class=\"aligncenter size-full wp-image-2672\" src=\"http:\/\/cpl14.fr\/wp-content\/uploads\/2017\/07\/ITDM-1-42-trouville-deauville.jpg\" alt=\"\" width=\"800\" height=\"528\" srcset=\"https:\/\/cpl14.fr\/wp-content\/uploads\/2017\/07\/ITDM-1-42-trouville-deauville.jpg 800w, https:\/\/cpl14.fr\/wp-content\/uploads\/2017\/07\/ITDM-1-42-trouville-deauville-300x198.jpg 300w, https:\/\/cpl14.fr\/wp-content\/uploads\/2017\/07\/ITDM-1-42-trouville-deauville-768x507.jpg 768w\" sizes=\"auto, (max-width: 800px) 100vw, 800px\" \/><\/p>\n<p><img loading=\"lazy\" decoding=\"async\" class=\"aligncenter size-full wp-image-2666\" src=\"http:\/\/cpl14.fr\/wp-content\/uploads\/2017\/07\/ITDM-1-2-trouville-deauville.jpg\" alt=\"\" width=\"800\" height=\"499\" srcset=\"https:\/\/cpl14.fr\/wp-content\/uploads\/2017\/07\/ITDM-1-2-trouville-deauville.jpg 800w, https:\/\/cpl14.fr\/wp-content\/uploads\/2017\/07\/ITDM-1-2-trouville-deauville-300x187.jpg 300w, https:\/\/cpl14.fr\/wp-content\/uploads\/2017\/07\/ITDM-1-2-trouville-deauville-768x479.jpg 768w\" sizes=\"auto, (max-width: 800px) 100vw, 800px\" \/><br \/>\n<img loading=\"lazy\" decoding=\"async\" class=\"aligncenter size-large wp-image-2173\" src=\"http:\/\/cpl14.fr\/wp-content\/uploads\/2017\/07\/FLTD-8-2-trouville-deauville.jpg\" alt=\"\" width=\"800\" height=\"509\" srcset=\"https:\/\/cpl14.fr\/wp-content\/uploads\/2017\/07\/FLTD-8-2-trouville-deauville.jpg 800w, https:\/\/cpl14.fr\/wp-content\/uploads\/2017\/07\/FLTD-8-2-trouville-deauville-300x191.jpg 300w, https:\/\/cpl14.fr\/wp-content\/uploads\/2017\/07\/FLTD-8-2-trouville-deauville-768x489.jpg 768w\" sizes=\"auto, (max-width: 800px) 100vw, 800px\" \/><\/p>\n<p><img loading=\"lazy\" decoding=\"async\" class=\"aligncenter size-full wp-image-2172\" src=\"http:\/\/cpl14.fr\/wp-content\/uploads\/2017\/07\/FLTD-8-1-trouville-deauville.jpg\" alt=\"\" width=\"800\" height=\"525\" srcset=\"https:\/\/cpl14.fr\/wp-content\/uploads\/2017\/07\/FLTD-8-1-trouville-deauville.jpg 800w, https:\/\/cpl14.fr\/wp-content\/uploads\/2017\/07\/FLTD-8-1-trouville-deauville-300x197.jpg 300w, https:\/\/cpl14.fr\/wp-content\/uploads\/2017\/07\/FLTD-8-1-trouville-deauville-768x504.jpg 768w\" sizes=\"auto, (max-width: 800px) 100vw, 800px\" \/><\/p>\n<p><img loading=\"lazy\" decoding=\"async\" class=\"aligncenter size-full wp-image-2669\" src=\"http:\/\/cpl14.fr\/wp-content\/uploads\/2017\/07\/ITDM-1-36-trouville-deauville.jpg\" alt=\"\" width=\"800\" height=\"473\" srcset=\"https:\/\/cpl14.fr\/wp-content\/uploads\/2017\/07\/ITDM-1-36-trouville-deauville.jpg 800w, https:\/\/cpl14.fr\/wp-content\/uploads\/2017\/07\/ITDM-1-36-trouville-deauville-300x177.jpg 300w, https:\/\/cpl14.fr\/wp-content\/uploads\/2017\/07\/ITDM-1-36-trouville-deauville-768x454.jpg 768w\" sizes=\"auto, (max-width: 800px) 100vw, 800px\" \/><\/p>\n<p><img loading=\"lazy\" decoding=\"async\" class=\"aligncenter size-full wp-image-2671\" src=\"http:\/\/cpl14.fr\/wp-content\/uploads\/2017\/07\/ITDM-1-41-trouville-deauville.jpg\" alt=\"\" width=\"800\" height=\"497\" srcset=\"https:\/\/cpl14.fr\/wp-content\/uploads\/2017\/07\/ITDM-1-41-trouville-deauville.jpg 800w, https:\/\/cpl14.fr\/wp-content\/uploads\/2017\/07\/ITDM-1-41-trouville-deauville-300x186.jpg 300w, https:\/\/cpl14.fr\/wp-content\/uploads\/2017\/07\/ITDM-1-41-trouville-deauville-768x477.jpg 768w\" sizes=\"auto, (max-width: 800px) 100vw, 800px\" \/><\/p>\n<p><img loading=\"lazy\" decoding=\"async\" class=\"aligncenter size-full wp-image-2668\" src=\"http:\/\/cpl14.fr\/wp-content\/uploads\/2017\/07\/ITDM-1-35-trouville-deauville.jpg\" alt=\"\" width=\"800\" height=\"508\" srcset=\"https:\/\/cpl14.fr\/wp-content\/uploads\/2017\/07\/ITDM-1-35-trouville-deauville.jpg 800w, https:\/\/cpl14.fr\/wp-content\/uploads\/2017\/07\/ITDM-1-35-trouville-deauville-300x191.jpg 300w, https:\/\/cpl14.fr\/wp-content\/uploads\/2017\/07\/ITDM-1-35-trouville-deauville-768x488.jpg 768w\" sizes=\"auto, (max-width: 800px) 100vw, 800px\" \/><\/p>\n<p>C&rsquo;est un terminus, il faut donc organiser le retournement des machines pour repartir vers Lisieux:<\/p>\n<p><img loading=\"lazy\" decoding=\"async\" class=\"aligncenter size-large wp-image-2174\" src=\"http:\/\/cpl14.fr\/wp-content\/uploads\/2017\/07\/retournement-1-1024x477.jpg\" alt=\"\" width=\"1024\" height=\"477\" srcset=\"https:\/\/cpl14.fr\/wp-content\/uploads\/2017\/07\/retournement-1-1024x477.jpg 1024w, https:\/\/cpl14.fr\/wp-content\/uploads\/2017\/07\/retournement-1-300x140.jpg 300w, https:\/\/cpl14.fr\/wp-content\/uploads\/2017\/07\/retournement-1-768x358.jpg 768w, https:\/\/cpl14.fr\/wp-content\/uploads\/2017\/07\/retournement-1.jpg 1200w\" sizes=\"auto, (max-width: 1024px) 100vw, 1024px\" \/><\/p>\n<p style=\"margin: 0cm 0cm 0.0001pt; line-height: 15.6pt; background: white; text-align: center;\"><span style=\"font-size: 9.0pt; font-family: 'Arial','sans-serif'; color: #444444;\">UN PROBLEME DE ROBINETS<\/span><\/p>\n<p style=\"margin: 0cm 0cm 0.0001pt; line-height: 15.6pt; background: white; text-align: center;\"><span style=\"font-size: 9.0pt; font-family: 'Arial','sans-serif'; color: #444444;\">De t\u00e9moignage visuel de notre ami H.M. (principal contributeur du site trains) et habitant autrefois \u00e0 c\u00f4t\u00e9 de la gare,\u00a0 voici un descriptif du fonctionnement de la plaque tournante.<span class=\"apple-converted-space\">\u00a0<\/span><br \/>\nLa locomotive avec tender \u00e9tant amen\u00e9e sur le rail de la plaque et parfaitement centr\u00e9e, un \u00e9quilibre est r\u00e9alis\u00e9 \u00e0 la perfection par \u00ab\u00a0vases communicants\u00a0\u00bb, des robinets permettant de mettre cette \u00e9norme machine comme en suspension sur son axe.<\/span><\/p>\n<p style=\"margin: 0cm 0cm 0.0001pt; line-height: 15.6pt; background: white; text-align: center;\"><span style=\"font-size: 9.0pt; font-family: 'Arial','sans-serif'; color: #444444;\">Son poids se trouve alors physiquement neutralis\u00e9. Les roues ext\u00e9rieures du cercle ne servant qu&rsquo;\u00e0 la man\u0153uvre\u00a0\u00a0 4 hommes suffisent \u00e0 faire tourner cette masse de\u00a060 tonnes, jusqu&rsquo;\u00e0 100 tonnes pour une Pacific !<\/span><\/p>\n<p style=\"margin: 0cm 0cm 0.0001pt; line-height: 15.6pt; background: white; text-align: center;\"><span style=\"font-size: 9.0pt; font-family: 'Arial','sans-serif'; color: #444444;\">Ces plaques tournantes, parfois entour\u00e9es de \u00ab\u00a0rotondes\u00a0\u00bb semi-circulaires pour ranger les locomotives , se trouvent surtout dans\u00a0 les grandes gares de triage et dans notre cas sur les terminus !<br \/>\nCe probl\u00e8me est r\u00e9solu depuis longtemps par les trains qui roulent dans les 2 sens avec 2 motrices.<\/span><\/p>\n<h5 style=\"margin: 0cm 0cm 0.0001pt; line-height: 15.6pt; background: white; text-align: left;\"><\/h5>\n<p>&nbsp;<\/p>\n<h5 style=\"margin: 0cm 0cm 0.0001pt; line-height: 15.6pt; background: white; text-align: left;\">La gare de Deauville<\/h5>\n<p>En novembre 1922, les journaux rapportent:<\/p>\n<p style=\"text-align: left;\"><em><strong>La construction de la nouvelle gare.<\/strong>\u00a0 \u00a0<\/em><em>On se souvient qu&rsquo;avant la guerre, des plans avaient \u00e9t\u00e9 dress\u00e9s et une combinaison financi\u00e8re \u00e9tablie entre la Cie de l&rsquo;Etat et les municipalit\u00e9s de Trouville et Deauville, \u00e0 effet de construire une nouvelle gare en remplacement de celle qui existe actuellement et qui est devenue tout \u00e0 fait insuffisante, en raison du nombre toujours croissant de voyageurs pendant la saison baln\u00e9aire.<\/em><\/p>\n<p style=\"text-align: left;\"><em>Des raisons budg\u00e9taires avaient fait ajourner les travaux, mais la Cie des Chemins de Fer de l&rsquo;Etat, reconnaissant que la situation ne peut se prolonger sans inconv\u00e9nients pour ses services submerg\u00e9s en \u00e9t\u00e9 dans les locaux exigus et mal install\u00e9s, sans compter les risques d&rsquo;accidents, a fait inscrire dans le prochain programme des travaux, la reconstruction et la transformation de la gare de Trouville-Deauville. Les travaux commenceront vraisemblablement\u00a0au\u00a0printemps\u00a0prochain.<\/em><\/p>\n<p>Et en juillet 1923:<\/p>\n<p><em><strong>La nouvelle gare de Trouville-Deauville.<\/strong>\u00a0 A la suite d&rsquo;une entente entre Mr Dejean, directeur des chemins de fer et MM Colas, maire de Deauville et Demasure, maire de Trouville, le projet de construction de la gare a \u00e9t\u00e9 d\u00e9finitivement admis et compris dans le programme des travaux imm\u00e9diats.<\/em><\/p>\n<p><em>Abandonnant la combinaison impossible de la participation financi\u00e8re des deux villes de Trouville et Deauville, l&rsquo;administration des Chemine de Fer de l&rsquo;Etat est revenue \u00e0 l&rsquo;ancien projet Claveille, qui pr\u00e9voyait, pour la garantie des d\u00e9penses, simplement le rel\u00e9vement du prix des billets. Sous peu, les deux conseils municipaux seront appel\u00e9s \u00e0 en d\u00e9lib\u00e9rer. Et les travaux tr\u00e8s important comprenant la construction d&rsquo;une gare et de nouvelles voies commenceront<\/em><em>\u00a0aussit\u00f4t\u00a0apr\u00e8s\u00a0la\u00a0saison.<\/em><\/p>\n<p>Voici le r\u00e9sultat de la cr\u00e9ation de l&rsquo;architecte Jean Philippot:<\/p>\n<p><img loading=\"lazy\" decoding=\"async\" class=\"aligncenter size-full wp-image-2186\" src=\"http:\/\/cpl14.fr\/wp-content\/uploads\/2017\/07\/deauville.jpg\" alt=\"\" width=\"800\" height=\"495\" srcset=\"https:\/\/cpl14.fr\/wp-content\/uploads\/2017\/07\/deauville.jpg 800w, https:\/\/cpl14.fr\/wp-content\/uploads\/2017\/07\/deauville-300x186.jpg 300w, https:\/\/cpl14.fr\/wp-content\/uploads\/2017\/07\/deauville-768x475.jpg 768w\" sizes=\"auto, (max-width: 800px) 100vw, 800px\" \/><\/p>\n<p>Mais cette gare a 2 sosies, au Congo et au Viet-Nam comme le montre ci-dessous les liens vers le \u00ab\u00a0Blog de Fabrice au Congo\u00a0\u00bb:<\/p>\n<p><a href=\"http:\/\/voyage-congo.over-blog.com\/article-gare-pointe-noire-copie-deauville-73773923.html\">-Congo:\u00a0Pointe Noire<\/a><\/p>\n<p><a href=\"http:\/\/voyage-congo.over-blog.com\/article-gare-pointe-noire-deauville-non-dalat-73774121.html\">-Viet-Nam: Dalat<\/a><\/p>\n<p>&nbsp;<\/p>\n<h5 style=\"margin: 0cm 0cm 0.0001pt; line-height: 15.6pt; background: white; text-align: left;\"><\/h5>\n<h5 style=\"margin: 0cm 0cm 0.0001pt; line-height: 15.6pt; background: white; text-align: left;\">Les trains de la ligne Paris \u00e0 Trouville -Deauville:<\/h5>\n<p>Ligne de prestige depuis sa cr\u00e9ation compte tenu des notables qui l&#8217;empruntent, cette ligne a \u00e9t\u00e9 le site d&rsquo;essai de nombreuses machines r\u00e9volutionnaires pour leur \u00e9poque.<\/p>\n<p>En commen\u00e7ant par la plus c\u00e9l\u00e8bre:<\/p>\n<p><img loading=\"lazy\" decoding=\"async\" class=\"aligncenter size-full wp-image-2175\" src=\"http:\/\/cpl14.fr\/wp-content\/uploads\/2017\/07\/michelin.JPG-2.jpg\" alt=\"\" width=\"800\" height=\"500\" srcset=\"https:\/\/cpl14.fr\/wp-content\/uploads\/2017\/07\/michelin.JPG-2.jpg 800w, https:\/\/cpl14.fr\/wp-content\/uploads\/2017\/07\/michelin.JPG-2-300x188.jpg 300w, https:\/\/cpl14.fr\/wp-content\/uploads\/2017\/07\/michelin.JPG-2-768x480.jpg 768w\" sizes=\"auto, (max-width: 800px) 100vw, 800px\" \/><\/p>\n<p><img loading=\"lazy\" decoding=\"async\" class=\"aligncenter size-full wp-image-2178\" src=\"http:\/\/cpl14.fr\/wp-content\/uploads\/2017\/07\/micheline.JPG-1.jpg\" alt=\"\" width=\"500\" height=\"800\" srcset=\"https:\/\/cpl14.fr\/wp-content\/uploads\/2017\/07\/micheline.JPG-1.jpg 500w, https:\/\/cpl14.fr\/wp-content\/uploads\/2017\/07\/micheline.JPG-1-188x300.jpg 188w\" sizes=\"auto, (max-width: 500px) 100vw, 500px\" \/><\/p>\n<p style=\"text-align: center;\">\u00e0\u00a0son d\u00e9part de Paris St Lazare:<\/p>\n<p><img loading=\"lazy\" decoding=\"async\" class=\"aligncenter size-large wp-image-2177\" src=\"http:\/\/cpl14.fr\/wp-content\/uploads\/2017\/07\/micheline.jpg\" alt=\"\" width=\"800\" height=\"548\" srcset=\"https:\/\/cpl14.fr\/wp-content\/uploads\/2017\/07\/micheline.jpg 800w, https:\/\/cpl14.fr\/wp-content\/uploads\/2017\/07\/micheline-300x206.jpg 300w, https:\/\/cpl14.fr\/wp-content\/uploads\/2017\/07\/micheline-768x526.jpg 768w\" sizes=\"auto, (max-width: 800px) 100vw, 800px\" \/><\/p>\n<p style=\"text-align: center;\">et pr\u00eate \u00e0 repartir de Deauville:<\/p>\n<p><img loading=\"lazy\" decoding=\"async\" class=\"aligncenter size-full wp-image-2176\" src=\"http:\/\/cpl14.fr\/wp-content\/uploads\/2017\/07\/michelin.JPG-3.jpg\" alt=\"\" width=\"800\" height=\"564\" srcset=\"https:\/\/cpl14.fr\/wp-content\/uploads\/2017\/07\/michelin.JPG-3.jpg 800w, https:\/\/cpl14.fr\/wp-content\/uploads\/2017\/07\/michelin.JPG-3-300x212.jpg 300w, https:\/\/cpl14.fr\/wp-content\/uploads\/2017\/07\/michelin.JPG-3-768x541.jpg 768w\" sizes=\"auto, (max-width: 800px) 100vw, 800px\" \/><\/p>\n<p>Apr\u00e8s Michelin, c&rsquo;est Renault, puis Bugatti:<br \/>\n<img loading=\"lazy\" decoding=\"async\" class=\"aligncenter size-large wp-image-2180\" src=\"http:\/\/cpl14.fr\/wp-content\/uploads\/2017\/07\/autorail.JPG-1.jpg\" alt=\"\" width=\"650\" height=\"804\" srcset=\"https:\/\/cpl14.fr\/wp-content\/uploads\/2017\/07\/autorail.JPG-1.jpg 650w, https:\/\/cpl14.fr\/wp-content\/uploads\/2017\/07\/autorail.JPG-1-243x300.jpg 243w\" sizes=\"auto, (max-width: 650px) 100vw, 650px\" \/><\/p>\n<p><img loading=\"lazy\" decoding=\"async\" class=\"aligncenter size-large wp-image-2181\" src=\"http:\/\/cpl14.fr\/wp-content\/uploads\/2017\/07\/renault.jpg\" alt=\"\" width=\"800\" height=\"482\" srcset=\"https:\/\/cpl14.fr\/wp-content\/uploads\/2017\/07\/renault.jpg 800w, https:\/\/cpl14.fr\/wp-content\/uploads\/2017\/07\/renault-300x181.jpg 300w, https:\/\/cpl14.fr\/wp-content\/uploads\/2017\/07\/renault-768x463.jpg 768w\" sizes=\"auto, (max-width: 800px) 100vw, 800px\" \/><\/p>\n<p><img loading=\"lazy\" decoding=\"async\" class=\"aligncenter size-large wp-image-2182\" src=\"http:\/\/cpl14.fr\/wp-content\/uploads\/2017\/07\/renault.JPG-1.jpg\" alt=\"\" width=\"1000\" height=\"619\" srcset=\"https:\/\/cpl14.fr\/wp-content\/uploads\/2017\/07\/renault.JPG-1.jpg 1000w, https:\/\/cpl14.fr\/wp-content\/uploads\/2017\/07\/renault.JPG-1-300x186.jpg 300w, https:\/\/cpl14.fr\/wp-content\/uploads\/2017\/07\/renault.JPG-1-768x475.jpg 768w\" sizes=\"auto, (max-width: 1000px) 100vw, 1000px\" \/><\/p>\n<p>Et arrivent les autorails (entre Lisieux et Trouville-Deauville):<\/p>\n<p><img loading=\"lazy\" decoding=\"async\" class=\"aligncenter size-full wp-image-2179\" src=\"http:\/\/cpl14.fr\/wp-content\/uploads\/2017\/07\/autorail.jpg\" alt=\"\" width=\"853\" height=\"670\" srcset=\"https:\/\/cpl14.fr\/wp-content\/uploads\/2017\/07\/autorail.jpg 853w, https:\/\/cpl14.fr\/wp-content\/uploads\/2017\/07\/autorail-300x236.jpg 300w, https:\/\/cpl14.fr\/wp-content\/uploads\/2017\/07\/autorail-768x603.jpg 768w\" sizes=\"auto, (max-width: 853px) 100vw, 853px\" \/><\/p>\n<p><img loading=\"lazy\" decoding=\"async\" class=\"aligncenter size-full wp-image-2183\" src=\"http:\/\/cpl14.fr\/wp-content\/uploads\/2017\/07\/micheline.JPG-3.jpg\" alt=\"\" width=\"900\" height=\"519\" srcset=\"https:\/\/cpl14.fr\/wp-content\/uploads\/2017\/07\/micheline.JPG-3.jpg 900w, https:\/\/cpl14.fr\/wp-content\/uploads\/2017\/07\/micheline.JPG-3-300x173.jpg 300w, https:\/\/cpl14.fr\/wp-content\/uploads\/2017\/07\/micheline.JPG-3-768x443.jpg 768w\" sizes=\"auto, (max-width: 900px) 100vw, 900px\" \/><\/p>\n<p>Le Turbo-train (ici en gare d&rsquo;Evreux):<\/p>\n<p><img loading=\"lazy\" decoding=\"async\" class=\"aligncenter size-full wp-image-2184\" src=\"http:\/\/cpl14.fr\/wp-content\/uploads\/2017\/07\/DPEC1-31.jpg\" alt=\"\" width=\"800\" height=\"560\" srcset=\"https:\/\/cpl14.fr\/wp-content\/uploads\/2017\/07\/DPEC1-31.jpg 800w, https:\/\/cpl14.fr\/wp-content\/uploads\/2017\/07\/DPEC1-31-300x210.jpg 300w, https:\/\/cpl14.fr\/wp-content\/uploads\/2017\/07\/DPEC1-31-768x538.jpg 768w\" sizes=\"auto, (max-width: 800px) 100vw, 800px\" \/><\/p>\n<p>et aujourd&rsquo;hui, le nouveau TER Lisieux\u00a0\u00e0 Trouville-Deauville:<\/p>\n<p><img loading=\"lazy\" decoding=\"async\" class=\"aligncenter size-full wp-image-2185\" src=\"http:\/\/cpl14.fr\/wp-content\/uploads\/2017\/07\/gare-lisieux-3.jpg\" alt=\"\" width=\"800\" height=\"531\" srcset=\"https:\/\/cpl14.fr\/wp-content\/uploads\/2017\/07\/gare-lisieux-3.jpg 800w, https:\/\/cpl14.fr\/wp-content\/uploads\/2017\/07\/gare-lisieux-3-300x199.jpg 300w, https:\/\/cpl14.fr\/wp-content\/uploads\/2017\/07\/gare-lisieux-3-768x510.jpg 768w\" sizes=\"auto, (max-width: 800px) 100vw, 800px\" \/><\/p>\n<p>&nbsp;<\/p>\n<p>&nbsp;<\/p>\n<h5>La \u00ab\u00a0ligne du Duc de Morny\u00a0\u00bb:<\/h5>\n<p>Nous reprenons ici un texte souvent reproduit qui d\u00e9crit le voyage inaugural du Duc de Morny, en en particulier l&rsquo;arriv\u00e9e \u00e0 Deauville o\u00f9 la ligne \u00ab\u00a0sp\u00e9ciale\u00a0\u00bb pour l&rsquo;occasion \u00e9tait prolong\u00e9e jusqu&rsquo;\u00e0 la Villa Elisabeth sur le front de mer o\u00f9 Mr Donon recevait ses invit\u00e9s.<\/p>\n<p><img loading=\"lazy\" decoding=\"async\" class=\"aligncenter size-large wp-image-2188\" src=\"http:\/\/cpl14.fr\/wp-content\/uploads\/2017\/07\/morny-1-880x1024.jpg\" alt=\"\" width=\"880\" height=\"1024\" srcset=\"https:\/\/cpl14.fr\/wp-content\/uploads\/2017\/07\/morny-1-880x1024.jpg 880w, https:\/\/cpl14.fr\/wp-content\/uploads\/2017\/07\/morny-1-258x300.jpg 258w, https:\/\/cpl14.fr\/wp-content\/uploads\/2017\/07\/morny-1-768x894.jpg 768w, https:\/\/cpl14.fr\/wp-content\/uploads\/2017\/07\/morny-1.jpg 1000w\" sizes=\"auto, (max-width: 880px) 100vw, 880px\" \/><br \/>\nC&rsquo;est cette ligne que vous voyez sur le plan ici reproduit.<\/p>\n<p><img loading=\"lazy\" decoding=\"async\" class=\"aligncenter size-large wp-image-2187\" src=\"http:\/\/cpl14.fr\/wp-content\/uploads\/2017\/07\/morny-3-687x1024.jpg\" alt=\"\" width=\"687\" height=\"1024\" srcset=\"https:\/\/cpl14.fr\/wp-content\/uploads\/2017\/07\/morny-3-687x1024.jpg 687w, https:\/\/cpl14.fr\/wp-content\/uploads\/2017\/07\/morny-3-201x300.jpg 201w, https:\/\/cpl14.fr\/wp-content\/uploads\/2017\/07\/morny-3-768x1145.jpg 768w, https:\/\/cpl14.fr\/wp-content\/uploads\/2017\/07\/morny-3.jpg 900w\" sizes=\"auto, (max-width: 687px) 100vw, 687px\" \/><\/p>\n<p style=\"text-align: center;\">Collection\u00a0 priv\u00e9e (Deauville)<\/p>\n<p>Cette ligne fut tr\u00e8s provisoire (seulement pour les festivit\u00e9s d&rsquo;inauguration )\u00a0 dans le prolongement du trac\u00e9 noir \u00ab\u00a0Quai de la Marine\u00a0\u00bb ( fl\u00e8che 1, venant de la gare).<\/p>\n<p><em>note: la ligne \u00ab\u00a0Quai de la Gare\u00a0\u00bb est une ligne de marchandises desservant le port.<\/em><\/p>\n<p>L&rsquo;autre petit trac\u00e9 en\u00a0 tirets\/points que vous voyez longer le Boulevard (Bd Cornuch\u00e9 actuel )\u00a0 devant les villas jusqu&rsquo;\u00e0 Tourgeville (fl\u00e8che 2) est une ancienne ligne \u00e0 voie \u00e9troite, d&rsquo;abord tir\u00e9e par des chevaux, puis Decauville : elle amenait les riverains au march\u00e9, et surtout, alors que le Casino de Deauville n&rsquo;existait pas encore, au Casino de Trouville en prenant le Bac !<br \/>\nD&rsquo;o\u00f9 son d\u00e9part \u00e0 l&#8217;emplacement actuel de l&rsquo;escalier du bac pr\u00e8s de l&rsquo;\u00e9cluse.<\/p>\n<p><img loading=\"lazy\" decoding=\"async\" class=\"aligncenter size-full wp-image-2189\" src=\"http:\/\/cpl14.fr\/wp-content\/uploads\/2017\/07\/morny-5.jpg\" alt=\"\" width=\"800\" height=\"504\" srcset=\"https:\/\/cpl14.fr\/wp-content\/uploads\/2017\/07\/morny-5.jpg 800w, https:\/\/cpl14.fr\/wp-content\/uploads\/2017\/07\/morny-5-300x189.jpg 300w, https:\/\/cpl14.fr\/wp-content\/uploads\/2017\/07\/morny-5-768x484.jpg 768w\" sizes=\"auto, (max-width: 800px) 100vw, 800px\" \/><\/p>\n<p style=\"text-align: center;\">la ligne de ville (oblit\u00e9r\u00e9e en 1904) o\u00f9 l&rsquo;on voit l&rsquo;attelage hippomobile<\/p>\n<p style=\"text-align: center;\">On distingue bien la voie: un seul wagon, sans fen\u00eatres, petits rideaux. 1e villa \u00e0 droite \u00ab\u00a0Elisabeth\u00a0\u00bb de\u00a0Mr.DONON, la suivante \u00a0\u00bb Victoria Lodge\u00a0\u00bb \u00a0de Mr.OLLIFFE<\/p>\n<p>Nous reparlerons\u00a0 de cette ligne \u00ab\u00a0de ville\u00a0\u00bb apr\u00e8s les lignes chemin de fer, car c&rsquo;est un cas particulier, avec 2 autres que vous d\u00e9couvrirez aussi ! Pour ouvrir un peu votre curiosit\u00e9 en voici d\u00e9j\u00e0 les titres:<\/p>\n<p>. <a href=\"http:\/\/cpl14.fr\/?page_id=5050\">Le Decauville de la plage de Deauville<\/a><br \/>\n. 1917.18, le train \u00ab\u00a0british \u00a0\u00bb\u00a0 du Mont Canisy qui desservait le \u00ab\u00a0Trouville Hospital Center\u00a0\u00bb depuis la gare de Tourgeville<br \/>\n. <a href=\"http:\/\/cpl14.fr\/?p=5181\">1942.44, le train allemand qui montait de la gare de Deauville<\/a> d&rsquo;un c\u00f4t\u00e9 au Mont- Canisy et descendait de l&rsquo;autre\u00a0 jusqu&rsquo;\u00e0 Hennequeville \/ Villerville o\u00f9 il rejoignait un autre apportant des pierres de Pennedepie.<\/p>\n<p>&nbsp;<\/p>\n<p style=\"text-align: right;\"><a href=\"http:\/\/cpl14.fr\/?p=343\">retour \u00e0 l&rsquo;article Chemin de Fer<\/a><\/p>\n","protected":false},"excerpt":{"rendered":"<div class=\"mh-excerpt\"><p>Ligne de Lisieux \u00e0 Trouville-Deauville: La ligne vers Honfleur est la plus ancienne, nous en reparlerons, mais celle de Trouville-Deauville, commune jusqu&rsquo;\u00e0 Pont l&rsquo;Ev\u00eaque, \u00e9tait <a class=\"mh-excerpt-more\" href=\"https:\/\/cpl14.fr\/?page_id=927\" title=\"F.LTD\">[&#8230;]<\/a><\/p>\n<\/div>","protected":false},"author":1,"featured_media":0,"parent":0,"menu_order":0,"comment_status":"closed","ping_status":"closed","template":"","meta":{"footnotes":""},"class_list":["post-927","page","type-page","status-publish","hentry"],"_links":{"self":[{"href":"https:\/\/cpl14.fr\/index.php?rest_route=\/wp\/v2\/pages\/927","targetHints":{"allow":["GET"]}}],"collection":[{"href":"https:\/\/cpl14.fr\/index.php?rest_route=\/wp\/v2\/pages"}],"about":[{"href":"https:\/\/cpl14.fr\/index.php?rest_route=\/wp\/v2\/types\/page"}],"author":[{"embeddable":true,"href":"https:\/\/cpl14.fr\/index.php?rest_route=\/wp\/v2\/users\/1"}],"replies":[{"embeddable":true,"href":"https:\/\/cpl14.fr\/index.php?rest_route=%2Fwp%2Fv2%2Fcomments&post=927"}],"version-history":[{"count":19,"href":"https:\/\/cpl14.fr\/index.php?rest_route=\/wp\/v2\/pages\/927\/revisions"}],"predecessor-version":[{"id":8230,"href":"https:\/\/cpl14.fr\/index.php?rest_route=\/wp\/v2\/pages\/927\/revisions\/8230"}],"wp:attachment":[{"href":"https:\/\/cpl14.fr\/index.php?rest_route=%2Fwp%2Fv2%2Fmedia&parent=927"}],"curies":[{"name":"wp","href":"https:\/\/api.w.org\/{rel}","templated":true}]}}